{"id":58,"date":"2026-08-11T14:47:29","date_gmt":"2026-08-11T14:47:29","guid":{"rendered":"https:\/\/instituto-contaduria.com\/congreso\/?page_id=58"},"modified":"2026-08-24T21:41:13","modified_gmt":"2026-08-24T21:41:13","slug":"quiero-asistir","status":"publish","type":"page","link":"https:\/\/instituto-contaduria.com\/congreso\/quiero-asistir\/","title":{"rendered":"Quiero asistir"},"content":{"rendered":"\n<h3 class=\"wp-block-heading has-text-align-center\">S\u00e9 parte del I Congreso Internacional de Ciencias Contables y Auditor\u00eda 2026<\/h3>\n\n\n\n<p class=\"wp-block-paragraph\">Participa en cinco jornadas de <strong>actualizaci\u00f3n, investigaci\u00f3n e intercambio acad\u00e9mico internacional<\/strong> junto a docentes, investigadores, profesionales y especialistas de las Ciencias Contables y Auditor\u00eda.<\/p>\n\n\n\n<p class=\"wp-block-paragraph\">El Congreso est\u00e1 abierto a <strong>estudiantes, egresados, docentes, investigadores, profesionales y p\u00fablico en general<\/strong> interesado en fortalecer sus conocimientos y conocer las nuevas tendencias de la profesi\u00f3n contable.<\/p>\n\n\n\n<h4 class=\"wp-block-heading\">Informaci\u00f3n del evento<\/h4>\n\n\n\n<p class=\"wp-block-paragraph\"><strong>\ud83d\udcc5 Fecha:<\/strong> 7 al 11 de septiembre de 2026<br><strong>\ud83d\udd61 Horario:<\/strong> 18:30 a 21:30<br><strong>\ud83d\udcbb Modalidad:<\/strong> Virtual<br><strong>\ud83c\udf0e Alcance:<\/strong> Nacional e internacional<\/p>\n\n\n\n<h3 class=\"wp-block-heading has-text-align-center\">\u00bfQu\u00e9 encontrar\u00e1s en el Congreso?<\/h3>\n\n\n\n<p class=\"wp-block-paragraph\">Durante cinco jornadas podr\u00e1s acceder a:<\/p>\n\n\n\n<p class=\"wp-block-paragraph\"><strong>\ud83c\udf99\ufe0f Conferencias Magistrales<\/strong><br>Con profesionales, acad\u00e9micos, investigadores y especialistas invitados de reconocida trayectoria.<\/p>\n\n\n\n<p class=\"wp-block-paragraph\"><strong>\ud83d\udd2c Ponencias acad\u00e9micas y cient\u00edficas<\/strong><br>Investigaciones, experiencias y propuestas innovadoras en Contabilidad, Auditor\u00eda, Tributaci\u00f3n, Finanzas, Inteligencia Artificial, Tecnolog\u00eda e Investigaci\u00f3n.<\/p>\n\n\n\n<p class=\"wp-block-paragraph\"><strong>\ud83c\udf0e Intercambio internacional<\/strong><br>Un espacio para conocer diferentes perspectivas y experiencias de profesionales e investigadores nacionales e internacionales.<\/p>\n\n\n\n<p class=\"wp-block-paragraph\"><strong>\ud83d\udca1 Nuevas tendencias<\/strong><br>Tem\u00e1ticas vinculadas con los cambios tecnol\u00f3gicos, cient\u00edficos y profesionales que est\u00e1n transformando las Ciencias Contables y Auditor\u00eda.<\/p>\n\n\n\n<h3 class=\"wp-block-heading has-text-align-center\">Tu inscripci\u00f3n incluye<\/h3>\n\n\n\n<p class=\"wp-block-paragraph\">Al inscribirte tendr\u00e1s acceso a:<\/p>\n\n\n\n<p class=\"wp-block-paragraph\">\u2713 Cinco jornadas de actualizaci\u00f3n acad\u00e9mica.<br>\u2713 Conferencias de especialistas nacionales e internacionales.<br>\u2713 Ponencias acad\u00e9micas y cient\u00edficas.<br>\u2713 <strong>Certificado de participaci\u00f3n con carga horaria.<\/strong><br>\u2713 Acceso a las <strong>grabaciones del Congreso<\/strong>.<br>\u2713 Presentaciones autorizadas por los ponentes.<br>\u2713 Materiales acad\u00e9micos y recursos complementarios.<br>\u2713 Espacios de interacci\u00f3n con docentes, investigadores y profesionales.<\/p>\n\n\n\n<h3 class=\"wp-block-heading has-text-align-center\">\u00bfQui\u00e9nes pueden participar?<\/h3>\n\n\n\n<p class=\"wp-block-paragraph\"><strong>Estudiantes | Egresados | Docentes | Investigadores | Contadores P\u00fablicos | Auditores | Consultores | Profesionales | Estudiantes de Posgrado | P\u00fablico en general<\/strong><\/p>\n\n\n\n<p class=\"wp-block-paragraph\">No es necesario participar como ponente para formar parte del Congreso. Puedes registrarte simplemente como <strong>asistente<\/strong> y acceder a las actividades acad\u00e9micas y beneficios establecidos.<\/p>\n\n\n\n<h3 class=\"wp-block-heading has-text-align-center\">Certificaci\u00f3n<\/h3>\n\n\n\n<p class=\"wp-block-paragraph\">Los participantes que cumplan los requisitos establecidos por la organizaci\u00f3n recibir\u00e1n:<\/p>\n\n\n\n<h4 class=\"wp-block-heading\">\ud83c\udfc5 CERTIFICADO DE PARTICIPACI\u00d3N<\/h4>\n\n\n\n<p class=\"wp-block-paragraph\"><strong>I Congreso Internacional de Ciencias Contables y Auditor\u00eda 2026<\/strong><\/p>\n\n\n\n<p class=\"wp-block-paragraph\">El certificado contar\u00e1 con la <strong>carga horaria acad\u00e9mica que determine la organizaci\u00f3n<\/strong>.<\/p>\n\n\n\n<h3 class=\"wp-block-heading has-text-align-center\">\u00bfC\u00f3mo participar?<\/h3>\n\n\n\n<p class=\"wp-block-paragraph\"><strong>1. Reg\u00edstrate<\/strong><br>Completa el formulario oficial de inscripci\u00f3n.<\/p>\n\n\n\n<p class=\"wp-block-paragraph\"><strong>2. Realiza el pago<\/strong><br>Selecciona la categor\u00eda que te corresponde y realiza el pago de inscripci\u00f3n.<\/p>\n\n\n\n<p class=\"wp-block-paragraph\"><strong>3. Confirma tu inscripci\u00f3n<\/strong><br>Registra o env\u00eda tu comprobante de pago mediante el procedimiento establecido.<\/p>\n\n\n\n<p class=\"wp-block-paragraph\"><strong>4. Recibe tu acceso<\/strong><br>Antes del inicio del Congreso recibir\u00e1s la informaci\u00f3n necesaria para ingresar a las sesiones virtuales.<\/p>\n\n\n\n<p class=\"wp-block-paragraph\"><strong>5. Participa y certif\u00edcate<\/strong><br>Asiste a las jornadas acad\u00e9micas y cumple los requisitos establecidos para obtener tu certificado.<\/p>\n\n\n\n<h4 class=\"wp-block-heading\">5 d\u00edas para actualizar tus conocimientos y conectar con las nuevas tendencias de las Ciencias Contables<\/h4>\n\n\n\n<p class=\"wp-block-paragraph\"><strong>7 \u2013 11 SEPTIEMBRE 2026 | MODALIDAD VIRTUAL<\/strong><\/p>\n\n\n\n<h4 class=\"wp-block-heading has-text-align-center\"><strong><a href=\"https:\/\/forms.gle\/18VJUhHUZv3T8LbJ8\" target=\"_blank\" rel=\"noreferrer noopener\">[ INSCR\u00cdBETE AHORA ]<\/a><\/strong><\/h4>\n\n\n\n<p class=\"wp-block-paragraph\"><\/p>\n","protected":false},"excerpt":{"rendered":"<p>S\u00e9 parte del I Congreso Internacional de Ciencias Contables y Auditor\u00eda 2026 Participa en cinco jornadas de actualizaci\u00f3n, investigaci\u00f3n e intercambio acad\u00e9mico internacional junto a docentes, investigadores, profesionales y especialistas&#8230;<\/p>\n","protected":false},"author":1,"featured_media":0,"parent":0,"menu_order":0,"comment_status":"closed","ping_status":"closed","template":"","meta":{"_EventAllDay":false,"_EventTimezone":"","_EventStartDate":"","_EventEndDate":"","_EventStartDateUTC":"","_EventEndDateUTC":"","_EventShowMap":false,"_EventShowMapLink":false,"_EventURL":"","_EventCost":"","_EventCostDescription":"","_EventCurrencySymbol":"","_EventCurrencyCode":"","_EventCurrencyPosition":"","_EventDateTimeSeparator":"","_EventTimeRangeSeparator":"","_EventOrganizerID":[],"_EventVenueID":[],"_OrganizerEmail":"","_OrganizerPhone":"","_OrganizerWebsite":"","_VenueAddress":"","_VenueCity":"","_VenueCountry":"","_VenueProvince":"","_VenueState":"","_VenueZip":"","_VenuePhone":"","_VenueURL":"","_VenueStateProvince":"","_VenueLat":"","_VenueLng":"","_VenueShowMap":false,"_VenueShowMapLink":false,"_kadence_starter_templates_imported_post":false,"_kad_post_transparent":"","_kad_post_title":"","_kad_post_layout":"","_kad_post_sidebar_id":"","_kad_post_content_style":"","_kad_post_vertical_padding":"","_kad_post_feature":"","_kad_post_feature_position":"","_kad_post_header":false,"_kad_post_footer":false,"_kad_post_classname":"","footnotes":""},"class_list":["post-58","page","type-page","status-publish","hentry"],"_hostinger_reach_plugin_has_subscription_block":false,"_hostinger_reach_plugin_is_elementor":false,"_links":{"self":[{"href":"https:\/\/instituto-contaduria.com\/congreso\/wp-json\/wp\/v2\/pages\/58","targetHints":{"allow":["GET"]}}],"collection":[{"href":"https:\/\/instituto-contaduria.com\/congreso\/wp-json\/wp\/v2\/pages"}],"about":[{"href":"https:\/\/instituto-contaduria.com\/congreso\/wp-json\/wp\/v2\/types\/page"}],"author":[{"embeddable":true,"href":"https:\/\/instituto-contaduria.com\/congreso\/wp-json\/wp\/v2\/users\/1"}],"replies":[{"embeddable":true,"href":"https:\/\/instituto-contaduria.com\/congreso\/wp-json\/wp\/v2\/comments?post=58"}],"version-history":[{"count":6,"href":"https:\/\/instituto-contaduria.com\/congreso\/wp-json\/wp\/v2\/pages\/58\/revisions"}],"predecessor-version":[{"id":1425,"href":"https:\/\/instituto-contaduria.com\/congreso\/wp-json\/wp\/v2\/pages\/58\/revisions\/1425"}],"wp:attachment":[{"href":"https:\/\/instituto-contaduria.com\/congreso\/wp-json\/wp\/v2\/media?parent=58"}],"curies":[{"name":"wp","href":"https:\/\/api.w.org\/{rel}","templated":true}]}}