{"id":56,"date":"2026-08-11T14:47:29","date_gmt":"2026-08-11T14:47:29","guid":{"rendered":"https:\/\/instituto-contaduria.com\/congreso\/?page_id=56"},"modified":"2026-08-24T21:33:28","modified_gmt":"2026-08-24T21:33:28","slug":"ponentes","status":"publish","type":"page","link":"https:\/\/instituto-contaduria.com\/congreso\/ponentes\/","title":{"rendered":"Ponentes"},"content":{"rendered":"\n<h3 class=\"wp-block-heading has-text-align-center\">Investigaci\u00f3n, experiencia y conocimiento para compartir<\/h3>\n\n\n\n<p class=\"wp-block-paragraph\">El <strong>I Congreso Internacional de Ciencias Contables y Auditor\u00eda 2026<\/strong> reunir\u00e1 a docentes, investigadores, profesionales y estudiantes de posgrado que presentar\u00e1n investigaciones, experiencias profesionales y propuestas innovadoras vinculadas con las <strong>Ciencias Contables y Auditor\u00eda<\/strong>.<\/p>\n\n\n\n<p class=\"wp-block-paragraph\">Los ponentes tendr\u00e1n un espacio de <strong>30 minutos<\/strong> para compartir sus contribuciones con participantes nacionales e internacionales.<\/p>\n\n\n\n<h3 class=\"wp-block-heading has-text-align-center\">Nuestros ponentes<\/h3>\n\n\n\n<h3 class=\"wp-block-heading\">\ud83c\udf93 Ponente 01<\/h3>\n\n\n\n<p class=\"wp-block-paragraph\"><strong>PR\u00d3XIMAMENTE<\/strong><\/p>\n\n\n\n<p class=\"wp-block-paragraph\"><strong>Nombre del ponente<\/strong><br>Pa\u00eds | Universidad \/ Instituci\u00f3n<\/p>\n\n\n\n<p class=\"wp-block-paragraph\"><strong>Ponencia:<\/strong><br><em>Tema por confirmar<\/em><\/p>\n\n\n\n<p class=\"wp-block-paragraph\"><strong>Eje tem\u00e1tico:<\/strong><br>Por confirmar<\/p>\n\n\n\n<hr class=\"wp-block-separator has-alpha-channel-opacity\"\/>\n\n\n\n<h3 class=\"wp-block-heading\">\ud83c\udf93 Ponente 02<\/h3>\n\n\n\n<p class=\"wp-block-paragraph\"><strong>PR\u00d3XIMAMENTE<\/strong><\/p>\n\n\n\n<p class=\"wp-block-paragraph\"><strong>Nombre del ponente<\/strong><br>Pa\u00eds | Universidad \/ Instituci\u00f3n<\/p>\n\n\n\n<p class=\"wp-block-paragraph\"><strong>Ponencia:<\/strong><br><em>Tema por confirmar<\/em><\/p>\n\n\n\n<p class=\"wp-block-paragraph\"><strong>Eje tem\u00e1tico:<\/strong><br>Por confirmar<\/p>\n\n\n\n<hr class=\"wp-block-separator has-alpha-channel-opacity\"\/>\n\n\n\n<h3 class=\"wp-block-heading\">\ud83c\udf93 Ponente 03<\/h3>\n\n\n\n<p class=\"wp-block-paragraph\"><strong>PR\u00d3XIMAMENTE<\/strong><\/p>\n\n\n\n<p class=\"wp-block-paragraph\"><strong>Nombre del ponente<\/strong><br>Pa\u00eds | Universidad \/ Instituci\u00f3n<\/p>\n\n\n\n<p class=\"wp-block-paragraph\"><strong>Ponencia:<\/strong><br><em>Tema por confirmar<\/em><\/p>\n\n\n\n<hr class=\"wp-block-separator has-alpha-channel-opacity\"\/>\n\n\n\n<p class=\"wp-block-paragraph\">En la p\u00e1gina web recomiendo <strong>no crear ahora las 15 fichas vac\u00edas<\/strong>. Con tres tarjetas de ejemplo o simplemente el mensaje <strong>\u201cPr\u00f3ximamente conocer\u00e1s a nuestros ponentes\u201d<\/strong> ser\u00e1 suficiente. A medida que sean seleccionados, se van agregando sus fotograf\u00edas y perfiles.<\/p>\n\n\n\n<h3 class=\"wp-block-heading has-text-align-center\">\u00bfQui\u00e9nes ser\u00e1n nuestros ponentes?<\/h3>\n\n\n\n<p class=\"wp-block-paragraph\">El Congreso contar\u00e1 con la participaci\u00f3n de:<\/p>\n\n\n\n<p class=\"wp-block-paragraph\"><strong>Docentes de la Carrera de Contadur\u00eda P\u00fablica<\/strong><br>que compartir\u00e1n investigaciones, experiencias y propuestas desarrolladas desde diferentes \u00e1reas de las Ciencias Contables.<\/p>\n\n\n\n<p class=\"wp-block-paragraph\"><strong>Docentes e investigadores de posgrado<\/strong><br>incluyendo docentes que actualmente cursan programas de <strong>Doctorado en Ciencias Contables y Auditor\u00eda<\/strong>.<\/p>\n\n\n\n<p class=\"wp-block-paragraph\"><strong>Ponentes nacionales e internacionales<\/strong><br>seleccionados mediante la <strong>Convocatoria Internacional de Ponencias<\/strong>, abierta a investigadores, docentes, estudiantes de posgrado, profesionales y especialistas.<\/p>\n\n\n\n<h3 class=\"wp-block-heading has-text-align-center\">Seis \u00e1reas para compartir conocimiento<\/h3>\n\n\n\n<p class=\"wp-block-paragraph\">Las ponencias estar\u00e1n vinculadas con los seis ejes acad\u00e9micos del Congreso:<\/p>\n\n\n\n<p class=\"wp-block-paragraph\"><strong>01.<\/strong> Contabilidad y nuevos modelos de informaci\u00f3n financiera<br><strong>02.<\/strong> Auditor\u00eda, control y gesti\u00f3n de riesgos<br><strong>03.<\/strong> Tributaci\u00f3n y gesti\u00f3n fiscal<br><strong>04.<\/strong> Finanzas y gesti\u00f3n empresarial<br><strong>05.<\/strong> Tecnolog\u00eda, inteligencia artificial y futuro de la profesi\u00f3n contable<br><strong>06.<\/strong> Investigaci\u00f3n e innovaci\u00f3n en Ciencias Contables<\/p>\n\n\n\n<h3 class=\"wp-block-heading has-text-align-center\">\u00bfQuieres formar parte de nuestros ponentes?<\/h3>\n\n\n\n<p class=\"wp-block-paragraph\">Si eres <strong>docente, investigador, profesional, especialista o estudiante de posgrado<\/strong>, puedes presentar tu propuesta acad\u00e9mica y postular para participar como ponente.<\/p>\n\n\n\n<p class=\"wp-block-paragraph\">Las propuestas ser\u00e1n evaluadas por el <strong>Comit\u00e9 Cient\u00edfico del Congreso<\/strong>, considerando su pertinencia, actualidad, aporte acad\u00e9mico, rigor cient\u00edfico e innovaci\u00f3n. La postulaci\u00f3n no implica aceptaci\u00f3n autom\u00e1tica.<\/p>\n\n\n\n<h3 class=\"wp-block-heading has-text-align-center\">Comparte tu conocimiento con una audiencia internacional<\/h3>\n\n\n\n<p class=\"has-text-align-center wp-block-paragraph\"><strong><a href=\"https:\/\/docs.google.com\/forms\/d\/e\/1FAIpQLSdE8_RkawoNKQXYBguEnenATuNCnItxfIqD3hwxpvKskINjLw\/viewform?usp=dialog\" target=\"_blank\" rel=\"noreferrer noopener\">[ POSTULA COMO PONENTE ]<\/a><\/strong><\/p>\n\n\n\n<p class=\"wp-block-paragraph\"><\/p>\n","protected":false},"excerpt":{"rendered":"<p>Investigaci\u00f3n, experiencia y conocimiento para compartir El I Congreso Internacional de Ciencias Contables y Auditor\u00eda 2026 reunir\u00e1 a docentes, investigadores, profesionales y estudiantes de posgrado que presentar\u00e1n investigaciones, experiencias profesionales&#8230;<\/p>\n","protected":false},"author":1,"featured_media":0,"parent":0,"menu_order":0,"comment_status":"closed","ping_status":"closed","template":"","meta":{"_EventAllDay":false,"_EventTimezone":"","_EventStartDate":"","_EventEndDate":"","_EventStartDateUTC":"","_EventEndDateUTC":"","_EventShowMap":false,"_EventShowMapLink":false,"_EventURL":"","_EventCost":"","_EventCostDescription":"","_EventCurrencySymbol":"","_EventCurrencyCode":"","_EventCurrencyPosition":"","_EventDateTimeSeparator":"","_EventTimeRangeSeparator":"","_EventOrganizerID":[],"_EventVenueID":[],"_OrganizerEmail":"","_OrganizerPhone":"","_OrganizerWebsite":"","_VenueAddress":"","_VenueCity":"","_VenueCountry":"","_VenueProvince":"","_VenueState":"","_VenueZip":"","_VenuePhone":"","_VenueURL":"","_VenueStateProvince":"","_VenueLat":"","_VenueLng":"","_VenueShowMap":false,"_VenueShowMapLink":false,"_kadence_starter_templates_imported_post":false,"_kad_post_transparent":"","_kad_post_title":"","_kad_post_layout":"","_kad_post_sidebar_id":"","_kad_post_content_style":"","_kad_post_vertical_padding":"","_kad_post_feature":"","_kad_post_feature_position":"","_kad_post_header":false,"_kad_post_footer":false,"_kad_post_classname":"","footnotes":""},"class_list":["post-56","page","type-page","status-publish","hentry"],"_hostinger_reach_plugin_has_subscription_block":false,"_hostinger_reach_plugin_is_elementor":false,"_links":{"self":[{"href":"https:\/\/instituto-contaduria.com\/congreso\/wp-json\/wp\/v2\/pages\/56","targetHints":{"allow":["GET"]}}],"collection":[{"href":"https:\/\/instituto-contaduria.com\/congreso\/wp-json\/wp\/v2\/pages"}],"about":[{"href":"https:\/\/instituto-contaduria.com\/congreso\/wp-json\/wp\/v2\/types\/page"}],"author":[{"embeddable":true,"href":"https:\/\/instituto-contaduria.com\/congreso\/wp-json\/wp\/v2\/users\/1"}],"replies":[{"embeddable":true,"href":"https:\/\/instituto-contaduria.com\/congreso\/wp-json\/wp\/v2\/comments?post=56"}],"version-history":[{"count":5,"href":"https:\/\/instituto-contaduria.com\/congreso\/wp-json\/wp\/v2\/pages\/56\/revisions"}],"predecessor-version":[{"id":1417,"href":"https:\/\/instituto-contaduria.com\/congreso\/wp-json\/wp\/v2\/pages\/56\/revisions\/1417"}],"wp:attachment":[{"href":"https:\/\/instituto-contaduria.com\/congreso\/wp-json\/wp\/v2\/media?parent=56"}],"curies":[{"name":"wp","href":"https:\/\/api.w.org\/{rel}","templated":true}]}}