{"id":31,"date":"2026-08-11T14:41:55","date_gmt":"2026-08-11T14:41:55","guid":{"rendered":"https:\/\/instituto-contaduria.com\/congreso\/?page_id=31"},"modified":"2026-08-24T21:03:51","modified_gmt":"2026-08-24T21:03:51","slug":"conferencistas-magistrales","status":"publish","type":"page","link":"https:\/\/instituto-contaduria.com\/congreso\/conferencistas-magistrales\/","title":{"rendered":"Conferencistas magistrales"},"content":{"rendered":"\n<h4 class=\"wp-block-heading has-text-align-center\">Referentes que inspiran, conocimiento que transforma<\/h4>\n\n\n\n<p class=\"wp-block-paragraph\">El <strong>I Congreso Internacional de Ciencias Contables y Auditor\u00eda 2026<\/strong> contar\u00e1 con la participaci\u00f3n de <strong>conferencistas magistrales invitados<\/strong>, profesionales, acad\u00e9micos, investigadores y especialistas de reconocida trayectoria nacional e internacional.<\/p>\n\n\n\n<p class=\"wp-block-paragraph\">Durante las cinco jornadas del Congreso, los conferencistas compartir\u00e1n sus conocimientos, experiencias y perspectivas sobre las principales transformaciones y desaf\u00edos que enfrentan actualmente las <strong>Ciencias Contables y la Auditor\u00eda<\/strong>.<\/p>\n\n\n\n<h4 class=\"wp-block-heading has-text-align-center\">Conferencias Magistrales Internacionales<\/h4>\n\n\n\n<p class=\"wp-block-paragraph\">Cada jornada contar\u00e1 con una <strong>Conferencia Magistral de 60 minutos<\/strong>, constituy\u00e9ndose en uno de los espacios centrales del programa acad\u00e9mico.<\/p>\n\n\n\n<h4 class=\"wp-block-heading\">\ud83c\udf99\ufe0f Conferencista Magistral 01<\/h4>\n\n\n\n<p class=\"wp-block-paragraph\"><strong>Lunes 7 de septiembre<\/strong><\/p>\n\n\n\n<p class=\"wp-block-paragraph\"><strong>PR\u00d3XIMAMENTE<\/strong><\/p>\n\n\n\n<p class=\"wp-block-paragraph\">Nombre del conferencista<br>Pa\u00eds | Universidad \/ Instituci\u00f3n<\/p>\n\n\n\n<p class=\"wp-block-paragraph\"><strong>Tema:<\/strong><br><em>Conferencia por confirmar<\/em><\/p>\n\n\n\n<hr class=\"wp-block-separator has-alpha-channel-opacity\"\/>\n\n\n\n<h4 class=\"wp-block-heading\">\ud83c\udf99\ufe0f Conferencista Magistral 02<\/h4>\n\n\n\n<p class=\"wp-block-paragraph\"><strong>Martes 8 de septiembre<\/strong><\/p>\n\n\n\n<p class=\"wp-block-paragraph\"><strong>PR\u00d3XIMAMENTE<\/strong><\/p>\n\n\n\n<p class=\"wp-block-paragraph\">Nombre del conferencista<br>Pa\u00eds | Universidad \/ Instituci\u00f3n<\/p>\n\n\n\n<p class=\"wp-block-paragraph\"><strong>Tema:<\/strong><br><em>Conferencia por confirmar<\/em><\/p>\n\n\n\n<hr class=\"wp-block-separator has-alpha-channel-opacity\"\/>\n\n\n\n<h4 class=\"wp-block-heading\">\ud83c\udf99\ufe0f Conferencista Magistral 03<\/h4>\n\n\n\n<p class=\"wp-block-paragraph\"><strong>Mi\u00e9rcoles 9 de septiembre<\/strong><\/p>\n\n\n\n<p class=\"wp-block-paragraph\"><strong>PR\u00d3XIMAMENTE<\/strong><\/p>\n\n\n\n<p class=\"wp-block-paragraph\">Nombre del conferencista<br>Pa\u00eds | Universidad \/ Instituci\u00f3n<\/p>\n\n\n\n<p class=\"wp-block-paragraph\"><strong>Tema:<\/strong><br><em>Conferencia por confirmar<\/em><\/p>\n\n\n\n<hr class=\"wp-block-separator has-alpha-channel-opacity\"\/>\n\n\n\n<h4 class=\"wp-block-heading\">\ud83c\udf99\ufe0f Conferencista Magistral 04<\/h4>\n\n\n\n<p class=\"wp-block-paragraph\"><strong>Jueves 10 de septiembre<\/strong><\/p>\n\n\n\n<p class=\"wp-block-paragraph\"><strong>PR\u00d3XIMAMENTE<\/strong><\/p>\n\n\n\n<p class=\"wp-block-paragraph\">Nombre del conferencista<br>Pa\u00eds | Universidad \/ Instituci\u00f3n<\/p>\n\n\n\n<p class=\"wp-block-paragraph\"><strong>Tema:<\/strong><br><em>Conferencia por confirmar<\/em><\/p>\n\n\n\n<hr class=\"wp-block-separator has-alpha-channel-opacity\"\/>\n\n\n\n<h4 class=\"wp-block-heading\">\ud83c\udf99\ufe0f Conferencista Magistral 05<\/h4>\n\n\n\n<p class=\"wp-block-paragraph\"><strong>Viernes 11 de septiembre<\/strong><\/p>\n\n\n\n<p class=\"wp-block-paragraph\"><strong>CONFERENCIA MAGISTRAL DE CLAUSURA<\/strong><\/p>\n\n\n\n<p class=\"wp-block-paragraph\"><strong>PR\u00d3XIMAMENTE<\/strong><\/p>\n\n\n\n<p class=\"wp-block-paragraph\">Nombre del conferencista<br>Pa\u00eds | Universidad \/ Instituci\u00f3n<\/p>\n\n\n\n<p class=\"wp-block-paragraph\"><strong>Tema:<\/strong><br><em>Conferencia por confirmar<\/em><\/p>\n\n\n\n<h3 class=\"wp-block-heading has-text-align-center\">Voces y experiencias que trascienden fronteras<\/h3>\n\n\n\n<p class=\"wp-block-paragraph\">Los conferencistas ser\u00e1n invitados considerando su <strong>trayectoria profesional, experiencia acad\u00e9mica, producci\u00f3n cient\u00edfica y contribuci\u00f3n en \u00e1reas vinculadas con las Ciencias Contables y Auditor\u00eda<\/strong>.<\/p>\n\n\n\n<p class=\"wp-block-paragraph\">La presentaci\u00f3n progresiva de los invitados formar\u00e1 tambi\u00e9n parte de la estrategia internacional de difusi\u00f3n del Congreso.<\/p>\n\n\n\n<h3 class=\"wp-block-heading has-text-align-center\">Pr\u00f3ximamente anunciaremos a nuestros invitados<\/h3>\n\n\n\n<p class=\"wp-block-paragraph\"><strong>5 jornadas \u00b7 5 conferencias magistrales \u00b7 Especialistas nacionales e internacionales<\/strong><\/p>\n\n\n\n<p class=\"wp-block-paragraph\"><strong>\ud83d\udcc5 7 al 11 de septiembre de 2026 | \ud83d\udcbb Modalidad virtual<\/strong> <\/p>\n\n\n\n<p class=\"wp-block-paragraph\"><\/p>\n","protected":false},"excerpt":{"rendered":"<p>Referentes que inspiran, conocimiento que transforma El I Congreso Internacional de Ciencias Contables y Auditor\u00eda 2026 contar\u00e1 con la participaci\u00f3n de conferencistas magistrales invitados, profesionales, acad\u00e9micos, investigadores y especialistas de&#8230;<\/p>\n","protected":false},"author":1,"featured_media":0,"parent":0,"menu_order":0,"comment_status":"closed","ping_status":"closed","template":"","meta":{"_EventAllDay":false,"_EventTimezone":"","_EventStartDate":"","_EventEndDate":"","_EventStartDateUTC":"","_EventEndDateUTC":"","_EventShowMap":false,"_EventShowMapLink":false,"_EventURL":"","_EventCost":"","_EventCostDescription":"","_EventCurrencySymbol":"","_EventCurrencyCode":"","_EventCurrencyPosition":"","_EventDateTimeSeparator":"","_EventTimeRangeSeparator":"","_EventOrganizerID":[],"_EventVenueID":[],"_OrganizerEmail":"","_OrganizerPhone":"","_OrganizerWebsite":"","_VenueAddress":"","_VenueCity":"","_VenueCountry":"","_VenueProvince":"","_VenueState":"","_VenueZip":"","_VenuePhone":"","_VenueURL":"","_VenueStateProvince":"","_VenueLat":"","_VenueLng":"","_VenueShowMap":false,"_VenueShowMapLink":false,"_kadence_starter_templates_imported_post":false,"_kad_post_transparent":"","_kad_post_title":"","_kad_post_layout":"","_kad_post_sidebar_id":"","_kad_post_content_style":"","_kad_post_vertical_padding":"","_kad_post_feature":"","_kad_post_feature_position":"","_kad_post_header":false,"_kad_post_footer":false,"_kad_post_classname":"","footnotes":""},"class_list":["post-31","page","type-page","status-publish","hentry"],"_hostinger_reach_plugin_has_subscription_block":false,"_hostinger_reach_plugin_is_elementor":false,"_links":{"self":[{"href":"https:\/\/instituto-contaduria.com\/congreso\/wp-json\/wp\/v2\/pages\/31","targetHints":{"allow":["GET"]}}],"collection":[{"href":"https:\/\/instituto-contaduria.com\/congreso\/wp-json\/wp\/v2\/pages"}],"about":[{"href":"https:\/\/instituto-contaduria.com\/congreso\/wp-json\/wp\/v2\/types\/page"}],"author":[{"embeddable":true,"href":"https:\/\/instituto-contaduria.com\/congreso\/wp-json\/wp\/v2\/users\/1"}],"replies":[{"embeddable":true,"href":"https:\/\/instituto-contaduria.com\/congreso\/wp-json\/wp\/v2\/comments?post=31"}],"version-history":[{"count":7,"href":"https:\/\/instituto-contaduria.com\/congreso\/wp-json\/wp\/v2\/pages\/31\/revisions"}],"predecessor-version":[{"id":1396,"href":"https:\/\/instituto-contaduria.com\/congreso\/wp-json\/wp\/v2\/pages\/31\/revisions\/1396"}],"wp:attachment":[{"href":"https:\/\/instituto-contaduria.com\/congreso\/wp-json\/wp\/v2\/media?parent=31"}],"curies":[{"name":"wp","href":"https:\/\/api.w.org\/{rel}","templated":true}]}}