{"id":16,"date":"2026-08-11T14:36:10","date_gmt":"2026-08-11T14:36:10","guid":{"rendered":"https:\/\/instituto-contaduria.com\/congreso\/?page_id=16"},"modified":"2026-08-24T21:15:47","modified_gmt":"2026-08-24T21:15:47","slug":"inscribete","status":"publish","type":"page","link":"https:\/\/instituto-contaduria.com\/congreso\/inscribete\/","title":{"rendered":"Inscr\u00edbete"},"content":{"rendered":"\n<h3 class=\"wp-block-heading has-text-align-center\">\u00a1S\u00e9 parte del I Congreso Internacional de Ciencias Contables y Auditor\u00eda 2026!<\/h3>\n\n\n\n<p class=\"wp-block-paragraph\">La <strong>Carrera de Contadur\u00eda P\u00fablica de la Universidad P\u00fablica de El Alto \u2013 UPEA<\/strong>, a trav\u00e9s del <strong>Instituto de Investigaci\u00f3n y la Unidad de Posgrado<\/strong>, te invita a participar en cinco jornadas de actualizaci\u00f3n, investigaci\u00f3n e intercambio acad\u00e9mico con docentes, investigadores, profesionales y especialistas nacionales e internacionales.<\/p>\n\n\n\n<h4 class=\"wp-block-heading\">\ud83d\udcc5 7 al 11 de septiembre de 2026<\/h4>\n\n\n\n<h4 class=\"wp-block-heading\">\ud83d\udd61 18:30 a 21:30<\/h4>\n\n\n\n<h4 class=\"wp-block-heading\">\ud83d\udcbb Modalidad virtual<\/h4>\n\n\n\n<h4 class=\"wp-block-heading\">\ud83c\udf0e Participaci\u00f3n nacional e internacional<\/h4>\n\n\n\n<p class=\"wp-block-paragraph\">El Congreso est\u00e1 dirigido a estudiantes, egresados, docentes, investigadores, profesionales y p\u00fablico interesado en las Ciencias Contables, Auditor\u00eda, Finanzas, Tributaci\u00f3n, Tecnolog\u00eda e Investigaci\u00f3n.<\/p>\n\n\n\n<hr class=\"wp-block-separator has-alpha-channel-opacity\"\/>\n\n\n\n<h4 class=\"wp-block-heading has-text-align-center\">ELIGE TU TIPO DE PARTICIPACI\u00d3N<\/h4>\n\n\n\n<h4 class=\"wp-block-heading\">\ud83c\udf93 QUIERO PARTICIPAR COMO ASISTENTE<\/h4>\n\n\n\n<p class=\"wp-block-paragraph\">Inscr\u00edbete para acceder a las <strong>cinco jornadas acad\u00e9micas<\/strong> del Congreso.<\/p>\n\n\n\n<p class=\"wp-block-paragraph\">Tu participaci\u00f3n incluye:<\/p>\n\n\n\n<p class=\"wp-block-paragraph\">\u2713 Conferencias magistrales nacionales e internacionales.<br>\u2713 Ponencias acad\u00e9micas y cient\u00edficas.<br>\u2713 Certificado con carga horaria.<br>\u2713 Acceso a las grabaciones del Congreso.<br>\u2713 Presentaciones autorizadas por los ponentes.<br>\u2713 Materiales acad\u00e9micos y recursos complementarios.<\/p>\n\n\n\n<h4 class=\"wp-block-heading has-text-align-center\"><strong><a href=\"https:\/\/docs.google.com\/forms\/d\/e\/1FAIpQLSfcgYqlOhwe-QTDybLgrG1BXiW3ZeCqcTOdCrDZz7VeCxpk1w\/viewform?usp=dialog\" target=\"_blank\" rel=\"noreferrer noopener\">[ INSCRIBIRME COMO ASISTENTE ]<\/a><\/strong><\/h4>\n\n\n\n<hr class=\"wp-block-separator has-alpha-channel-opacity\"\/>\n\n\n\n<h4 class=\"wp-block-heading\">\ud83c\udf99\ufe0f QUIERO PARTICIPAR COMO PONENTE<\/h4>\n\n\n\n<p class=\"wp-block-paragraph\">\u00bfTienes una investigaci\u00f3n, experiencia profesional o propuesta innovadora?<\/p>\n\n\n\n<p class=\"wp-block-paragraph\">Postula para presentar tu trabajo en el <strong>I Congreso Internacional de Ciencias Contables y Auditor\u00eda 2026<\/strong>.<\/p>\n\n\n\n<p class=\"wp-block-paragraph\">Los trabajos ser\u00e1n evaluados por el <strong>Comit\u00e9 Cient\u00edfico<\/strong> considerando su pertinencia, actualidad, aporte acad\u00e9mico, rigor cient\u00edfico e innovaci\u00f3n.<\/p>\n\n\n\n<p class=\"wp-block-paragraph\">Los ponentes seleccionados tendr\u00e1n:<\/p>\n\n\n\n<p class=\"wp-block-paragraph\">\u2713 <strong>30 minutos para presentar su ponencia.<\/strong><br>\u2713 Certificado Internacional de Ponente.<br>\u2713 Participaci\u00f3n en el programa oficial del Congreso.<br>\u2713 Visibilidad acad\u00e9mica nacional e internacional.<br>\u2713 Posibilidad de que su trabajo sea considerado para su desarrollo como art\u00edculo cient\u00edfico.<\/p>\n\n\n\n<h4 class=\"wp-block-heading has-text-align-center\"><strong><a href=\"https:\/\/docs.google.com\/forms\/d\/e\/1FAIpQLSdE8_RkawoNKQXYBguEnenATuNCnItxfIqD3hwxpvKskINjLw\/viewform?usp=dialog\" target=\"_blank\" rel=\"noreferrer noopener\">[ POSTULAR COMO PONENTE ]<\/a><\/strong><\/h4>\n\n\n\n<hr class=\"wp-block-separator has-alpha-channel-opacity\"\/>\n\n\n\n<p class=\"wp-block-paragraph\">ador.<\/p>\n\n\n\n<h3 class=\"wp-block-heading has-text-align-center\">\u00bfC\u00d3MO ME INSCRIBO?<\/h3>\n\n\n\n<p class=\"wp-block-paragraph\"><strong>01 \u2014 Selecciona tu modalidad<\/strong><br>Define si participar\u00e1s como <strong>asistente<\/strong> o deseas <strong>postular como ponente<\/strong>.<\/p>\n\n\n\n<p class=\"wp-block-paragraph\"><strong>02 \u2014 Completa el formulario<\/strong><br>Registra correctamente tus datos personales, acad\u00e9micos y de contacto.<\/p>\n\n\n\n<p class=\"wp-block-paragraph\"><strong>03 \u2014 Realiza el pago<\/strong><br>Efect\u00faa el pago correspondiente a tu categor\u00eda mediante los medios habilitados.<\/p>\n\n\n\n<p class=\"wp-block-paragraph\"><strong>04 \u2014 Registra tu comprobante<\/strong><br>Adjunta el comprobante de pago en el espacio habilitado para completar tu inscripci\u00f3n.<\/p>\n\n\n\n<p class=\"wp-block-paragraph\"><strong>05 \u2014 Recibe tu confirmaci\u00f3n<\/strong><br>Una vez verificada la informaci\u00f3n, recibir\u00e1s la confirmaci\u00f3n de tu inscripci\u00f3n y posteriormente las instrucciones de acceso al Congreso.<\/p>\n\n\n\n<hr class=\"wp-block-separator has-alpha-channel-opacity\"\/>\n\n\n\n<h3 class=\"wp-block-heading has-text-align-center\">CERTIFICACI\u00d3N<\/h3>\n\n\n\n<h4 class=\"wp-block-heading\">\ud83c\udfc5 Todos los participantes que cumplan los requisitos establecidos recibir\u00e1n certificaci\u00f3n.<\/h4>\n\n\n\n<p class=\"wp-block-paragraph\"><strong>ASISTENTES<\/strong><br>Certificado de Participaci\u00f3n en el <strong>I Congreso Internacional de Ciencias Contables y Auditor\u00eda 2026<\/strong>, con carga horaria.<\/p>\n\n\n\n<p class=\"wp-block-paragraph\"><strong>PONENTES<\/strong><br><strong>Certificado Internacional de Ponente<\/strong>, especificando el nombre de la ponencia y la carga horaria correspondiente.<\/p>\n\n\n\n<p class=\"wp-block-paragraph\"><strong>CONFERENCISTAS INVITADOS<\/strong><br><strong>Certificado Internacional de Conferencista Magistral<\/strong>.<\/p>\n\n\n\n<hr class=\"wp-block-separator has-alpha-channel-opacity\"\/>\n\n\n\n<h3 class=\"wp-block-heading has-text-align-center\">\u00a1INSCR\u00cdBETE Y FORMA PARTE DE ESTE ENCUENTRO INTERNACIONAL!<\/h3>\n\n\n\n<p class=\"wp-block-paragraph\">Cinco jornadas para <strong>aprender, investigar, compartir experiencias y conocer las nuevas tendencias que est\u00e1n transformando las Ciencias Contables y Auditor\u00eda.<\/strong><\/p>\n\n\n\n<h4 class=\"wp-block-heading has-text-align-center\"><strong>7 AL 11 DE SEPTIEMBRE DE 2026<\/strong><\/h4>\n\n\n\n<p class=\"wp-block-paragraph\"><strong>Modalidad virtual | Cupos sujetos a disponibilidad<\/strong><\/p>\n\n\n\n<h3 class=\"wp-block-heading has-text-align-center\"><strong><a href=\"https:\/\/docs.google.com\/forms\/d\/e\/1FAIpQLSfcgYqlOhwe-QTDybLgrG1BXiW3ZeCqcTOdCrDZz7VeCxpk1w\/viewform?usp=dialog\" target=\"_blank\" rel=\"noreferrer noopener\">[ INSCR\u00cdBETE AHORA ]<\/a><\/strong><\/h3>\n\n\n\n<p class=\"wp-block-paragraph\"><strong>\u00bfQuieres presentar una ponencia?<\/strong><\/p>\n\n\n\n<h4 class=\"wp-block-heading has-text-align-center\"><strong><a href=\"https:\/\/docs.google.com\/forms\/d\/e\/1FAIpQLSdE8_RkawoNKQXYBguEnenATuNCnItxfIqD3hwxpvKskINjLw\/viewform?usp=dialog\" target=\"_blank\" rel=\"noreferrer noopener\">[ POSTULA AQU\u00cd ]<\/a><\/strong><\/h4>\n\n\n\n<p class=\"wp-block-paragraph\">Para esta pesta\u00f1a, adem\u00e1s, <strong>pondr\u00eda el formulario de inscripci\u00f3n directamente debajo del bot\u00f3n \u201cINSCR\u00cdBETE AHORA\u201d<\/strong>, en lugar de mandar al usuario a otra p\u00e1gina. As\u00ed la ruta es muy corta: <strong>entra \u2192 conoce costo \u2192 selecciona categor\u00eda \u2192 paga \u2192 se registra<\/strong>.<\/p>\n\n\n\n<p class=\"wp-block-paragraph\"><\/p>\n","protected":false},"excerpt":{"rendered":"<p>\u00a1S\u00e9 parte del I Congreso Internacional de Ciencias Contables y Auditor\u00eda 2026! La Carrera de Contadur\u00eda P\u00fablica de la Universidad P\u00fablica de El Alto \u2013 UPEA, a trav\u00e9s del Instituto&#8230;<\/p>\n","protected":false},"author":1,"featured_media":0,"parent":0,"menu_order":0,"comment_status":"closed","ping_status":"closed","template":"","meta":{"_EventAllDay":false,"_EventTimezone":"","_EventStartDate":"","_EventEndDate":"","_EventStartDateUTC":"","_EventEndDateUTC":"","_EventShowMap":false,"_EventShowMapLink":false,"_EventURL":"","_EventCost":"","_EventCostDescription":"","_EventCurrencySymbol":"","_EventCurrencyCode":"","_EventCurrencyPosition":"","_EventDateTimeSeparator":"","_EventTimeRangeSeparator":"","_EventOrganizerID":[],"_EventVenueID":[],"_OrganizerEmail":"","_OrganizerPhone":"","_OrganizerWebsite":"","_VenueAddress":"","_VenueCity":"","_VenueCountry":"","_VenueProvince":"","_VenueState":"","_VenueZip":"","_VenuePhone":"","_VenueURL":"","_VenueStateProvince":"","_VenueLat":"","_VenueLng":"","_VenueShowMap":false,"_VenueShowMapLink":false,"_kadence_starter_templates_imported_post":false,"_kad_post_transparent":"","_kad_post_title":"","_kad_post_layout":"","_kad_post_sidebar_id":"","_kad_post_content_style":"","_kad_post_vertical_padding":"","_kad_post_feature":"","_kad_post_feature_position":"","_kad_post_header":false,"_kad_post_footer":false,"_kad_post_classname":"","footnotes":""},"class_list":["post-16","page","type-page","status-publish","hentry"],"_hostinger_reach_plugin_has_subscription_block":false,"_hostinger_reach_plugin_is_elementor":false,"_links":{"self":[{"href":"https:\/\/instituto-contaduria.com\/congreso\/wp-json\/wp\/v2\/pages\/16","targetHints":{"allow":["GET"]}}],"collection":[{"href":"https:\/\/instituto-contaduria.com\/congreso\/wp-json\/wp\/v2\/pages"}],"about":[{"href":"https:\/\/instituto-contaduria.com\/congreso\/wp-json\/wp\/v2\/types\/page"}],"author":[{"embeddable":true,"href":"https:\/\/instituto-contaduria.com\/congreso\/wp-json\/wp\/v2\/users\/1"}],"replies":[{"embeddable":true,"href":"https:\/\/instituto-contaduria.com\/congreso\/wp-json\/wp\/v2\/comments?post=16"}],"version-history":[{"count":7,"href":"https:\/\/instituto-contaduria.com\/congreso\/wp-json\/wp\/v2\/pages\/16\/revisions"}],"predecessor-version":[{"id":1406,"href":"https:\/\/instituto-contaduria.com\/congreso\/wp-json\/wp\/v2\/pages\/16\/revisions\/1406"}],"wp:attachment":[{"href":"https:\/\/instituto-contaduria.com\/congreso\/wp-json\/wp\/v2\/media?parent=16"}],"curies":[{"name":"wp","href":"https:\/\/api.w.org\/{rel}","templated":true}]}}